{"help":"Return the metadata of a dataset (package) and its resources. :param id: the id or name of the dataset :type id: string","success":true,"result":[{"id":"142731dd-3b7d-461c-8d12-02747c349674","name":"compendio-estad\u00edstico-ambiental-del-paraguay-2019-tema-aire","title":"Compendio Estad\u00edstico Ambiental del Paraguay 2019. Tema: AIRE","maintainer":"Datos.gov.py","maintainer_email":"mmeza@mitic.gov.py","license_title":"https:\/\/www.paraguay.gov.py\/datos-abiertos\/licencias","notes":"\u003Cp\u003EEl Instituto Nacional de Estad\u00edstica pone a disposici\u00f3n de los usuarios y del p\u00fablico en general el Compendio Estad\u00edstico Ambiental del Paraguay 2019.\u003Cbr \/\u003E\nEl material es producto del trabajo coordinado entre el INE y las instituciones relacionadas con la tem\u00e1tica ambiental, las cuales han aportado datos generados en sus \u00e1reas de competencia, d\u00e1ndose de \u00e9sta manera continuidad a las series de informaci\u00f3n sobre estad\u00edsticas ambientales.\u003Cbr \/\u003E\nLos datos e indicadores presentados reflejan la realidad ambiental en el Paraguay destacando su capital\u003Cbr \/\u003E\nnatural. Por otro lado, las informaciones presentadas as\u00ed como los procesos que conllevan su generaci\u00f3n,\u003Cbr \/\u003E\nconstituyen la base para el establecimiento de un sistema de informaci\u00f3n oportuno y confiable para la\u003Cbr \/\u003E\ntoma de decisiones por otro lado, en el \u00e1mbito de la gesti\u00f3n ambiental.\u003Cbr \/\u003E\nCabe resaltar la importancia de la disposici\u00f3n de los datos estad\u00edsticos en el marco del cumplimiento de\u003Cbr \/\u003E\nla Agenda 2030 y los 17 Objetivos de Desarrollo Sostenible (ODS), los cuales marcan la hoja de ruta de los\u003Cbr \/\u003E\ngobiernos y pa\u00edses para los pr\u00f3ximos 15 a\u00f1os; y cuyo monitoreo de cumplimiento se encuentra a cargo de los diversos organismos internacionales que componen a las Naciones Unidas.\u003Cbr \/\u003E\nEl Paraguay se hace part\u00edcipe de esta ruta en la b\u00fasqueda y aplicaci\u00f3n de reformas que impulsen el\u003Cbr \/\u003E\ncrecimiento del pa\u00eds; en este contexto la generaci\u00f3n de estad\u00edsticas adecuadas y continuas permite la\u003Cbr \/\u003E\nvisualizaci\u00f3n de los avances en materia econ\u00f3mica, social y medioambiental, pilares que integran el\u003Cbr \/\u003E\ndesarrollo sostenible propuesto en la Agenda 2030.\u003Cbr \/\u003E\nEl INE agradece la colaboraci\u00f3n de las instituciones que han proporcionado informaci\u00f3n haciendo posible\u003Cbr \/\u003E\nla publicaci\u00f3n de la edici\u00f3n 2019; se espera que el material sea incorporado a los distintos \u00e1mbitos de\u003Cbr \/\u003E\nactividad de la sociedad, promoviendo la valoraci\u00f3n y el cuidado de los recursos naturales disponibles en\u003Cbr \/\u003E\nel pa\u00eds.\u003C\/p\u003E\n","url":"https:\/\/www.datos.gov.py\/dataset\/compendio-estad%C3%ADstico-ambiental-del-paraguay-2019-tema-aire","state":"Active","log_message":"Update to resource \u0027Property title\u0027","private":true,"revision_timestamp":"Jue, 08\/25\/2022 - 06:12","metadata_created":"Jue, 08\/18\/2022 - 17:28","metadata_modified":"Jue, 08\/25\/2022 - 06:12","creator_user_id":"6e460875-5d75-4a20-b4c0-160a50bb251b","type":"Dataset","resources":[{"id":"1b9c6957-3b3d-4136-9269-fb23a19ead68","revision_id":"","url":"https:\/\/www.datos.gov.py\/sites\/default\/files\/2.1.1.%20HUMEDAD%20RELATIVA%20MEDIA%20ANUAL%20%28%25%29%2C%20SEG%C3%9AN%20ESTACI%C3%93N%20METEOROL%C3%93GICA.%20PERIODO%202010-2019.csv","description":"\u003Cp\u003EObservaci\u00f3n:\u003Cbr \/\u003E\nAlgunos meses con datos faltantes en:\u003Cbr \/\u003E\n    Adri\u00e1n Jara y Bah\u00eda Negra, en los a\u00f1os 2010, 2011, 2012 y 2013.\u003Cbr \/\u003E\n    Capit\u00e1n Miranda a\u00f1o 2011 y 2013.\u003Cbr \/\u003E\n    Coronel Oviedo y San Pedro a\u00f1o 2011.\u003Cbr \/\u003E\n    Pozo Colorado a\u00f1o 2013.\u003Cbr \/\u003E\n    Pratts Gill, en los a\u00f1os 2010, 2012 y 2013.\u003Cbr \/\u003E\n    Salto del Guair\u00e1 a\u00f1o 2010.\u003Cbr \/\u003E\n    San Juan Bautista Misiones a\u00f1o 2010 y 2011.\u003Cbr \/\u003E\nPuerto Casado anteriormente denominado La Victoria.\u003Cbr \/\u003E\nFUENTE: Direcci\u00f3n Nacional de Aeron\u00e1utica Civil. Direcci\u00f3n de Meteorolog\u00eda e Hidrolog\u00eda.\u003C\/p\u003E\n","format":"csv","state":"Active","revision_timestamp":"Jue, 08\/18\/2022 - 17:31","name":"Humedad relativa media anual, seg\u00fan estaci\u00f3n meteorol\u00f3gica. Periodo 2010-2019","mimetype":"text\/csv","size":"1.6 KB","created":"Jue, 08\/18\/2022 - 17:31","resource_group_id":"9eaed2c1-6f67-4fe8-8dd4-daef8833beeb","last_modified":"Date changed  Jue, 08\/18\/2022 - 17:31"},{"id":"7c5e8e67-f261-47c1-8fe0-e2d8378f341a","revision_id":"","url":"https:\/\/www.datos.gov.py\/sites\/default\/files\/2.1.2.%20HUMEDAD%20RELATIVA%20MEDIA%20MENSUAL%20%28%25%29%2C%20SEG%C3%9AN%20ESTACI%C3%93N%20METEOROL%C3%93GICA.%20PERIODO%202018-2019%20-%20copia.csv","description":"\u003Cp\u003EObservaci\u00f3n: Puerto Casado anteriormente denominado La Victoria.\u003Cbr \/\u003E\nFUENTE: Direcci\u00f3n Nacional de Aeron\u00e1utica Civil. Direcci\u00f3n de Meteorolog\u00eda e Hidrolog\u00eda.\u003C\/p\u003E\n","format":"csv","state":"Active","revision_timestamp":"Jue, 08\/25\/2022 - 03:33","name":"Humedad relativa media mensual, seg\u00fan estaci\u00f3n meteorol\u00f3gica. Periodo 2018-2019","mimetype":"text\/csv","size":"3.16 KB","created":"Jue, 08\/25\/2022 - 03:33","resource_group_id":"9eaed2c1-6f67-4fe8-8dd4-daef8833beeb","last_modified":"Date changed  Jue, 08\/25\/2022 - 03:33"},{"id":"9de0f7de-15e1-49d9-a3a0-adf8427e26e8","revision_id":"","url":"https:\/\/www.datos.gov.py\/sites\/default\/files\/2.1.3.%20PRECIPITACI%C3%93N%20TOTAL%20ANUAL%20%28mil%C3%ADmetros%29%2C%20SEG%C3%9AN%20ESTACI%C3%93N%20METEOROL%C3%93GICA.%20PERIODO%202010-2019.csv","description":"\u003Cp\u003EObservaci\u00f3n:\u003Cbr \/\u003E\nAlgunos meses con datos faltantes en:\u003Cbr \/\u003E\n    Adri\u00e1n Jara, en los a\u00f1os 2010, 2011, 2012 y 2013.\u003Cbr \/\u003E\n    Bah\u00eda Negra, en los a\u00f1os 2010, 2011 y 2013.\u003Cbr \/\u003E\n    Pratts Gill, a\u00f1o 2010 y 2013.\u003Cbr \/\u003E\n    Salto del Guair\u00e1, en el a\u00f1o 2010.\u003Cbr \/\u003E\n    San Juan Bautista Misiones, en al a\u00f1o 2011.\u003Cbr \/\u003E\n    San Pedro, en el a\u00f1o 2012.\u003Cbr \/\u003E\nPuerto Casado anteriormente denominado La Victoria.\u003Cbr \/\u003E\nFUENTE: Direcci\u00f3n Nacional de Aeron\u00e1utica Civil. Direcci\u00f3n de Meteorolog\u00eda e Hidrolog\u00eda.\u003C\/p\u003E\n","format":"csv","state":"Active","revision_timestamp":"Jue, 08\/25\/2022 - 03:36","name":"Precipitaci\u00f3n total anual, seg\u00fan estaci\u00f3n meteorol\u00f3gica. Periodo 2010-2019","mimetype":"text\/csv","size":"2.37 KB","created":"Jue, 08\/25\/2022 - 03:36","resource_group_id":"9eaed2c1-6f67-4fe8-8dd4-daef8833beeb","last_modified":"Date changed  Jue, 08\/25\/2022 - 03:36"},{"id":"2e0fb9ac-241d-4ad1-a28e-dcac7d1bbc55","revision_id":"","url":"https:\/\/www.datos.gov.py\/sites\/default\/files\/2.1.4.%20PRECIPITACI%C3%93N%20TOTAL%20MENSUAL%20%28mil%C3%ADmetros%29%2C%20SEG%C3%9AN%20ESTACI%C3%93N%20METEOROL%C3%93GICA.%20PERIODO%202018-2019.csv","description":"\u003Cp\u003EObservaci\u00f3n: 0,0  No llovi\u00f3.\u003Cbr \/\u003E\nPuerto Casado anteriormente denominado La Victoria.\u003Cbr \/\u003E\nFUENTE: Direcci\u00f3n Nacional de Aeron\u00e1utica Civil. Direcci\u00f3n de Meteorolog\u00eda e Hidrolog\u00eda.\u003C\/p\u003E\n","format":"csv","state":"Active","revision_timestamp":"Jue, 08\/25\/2022 - 03:37","name":"Precipitaci\u00f3n total mensual, seg\u00fan estaci\u00f3n meteorol\u00f3gica. Periodo 2018-2019","mimetype":"text\/csv","size":"3.77 KB","created":"Jue, 08\/25\/2022 - 03:37","resource_group_id":"9eaed2c1-6f67-4fe8-8dd4-daef8833beeb","last_modified":"Date changed  Jue, 08\/25\/2022 - 03:37"},{"id":"0fed4b9a-6efc-469e-8351-fe041c07f866","revision_id":"","url":"https:\/\/www.datos.gov.py\/sites\/default\/files\/2.1.5.%20TEMPERATURA%20M%C3%81XIMA%20MEDIA%20ANUAL%20%28%C2%B0C%29%2C%20SEG%C3%9AN%20ESTACI%C3%93N%20METEOROL%C3%93GICA.%20PERIODO%202010-2019.csv","description":"\u003Cp\u003EObservaci\u00f3n:\u003Cbr \/\u003E\nAlgunos meses con datos faltantes en:\u003Cbr \/\u003E\n    Adri\u00e1n Jara y Bah\u00eda Negra, en los a\u00f1os 2010, 2011, 2012 y 2013.\u003Cbr \/\u003E\n    Coronel Oviedo y San Juan Bautista Misiones , en el a\u00f1o 2011.\u003Cbr \/\u003E\n    Pilar, en el a\u00f1o 2013 y 2015.\u003Cbr \/\u003E\n    Pratts Gill, en los a\u00f1os 2010, 2012 y 2013.\u003Cbr \/\u003E\nPuerto Casado anteriormente denominado La Victoria.\u003Cbr \/\u003E\nFUENTE: Direcci\u00f3n Nacional de Aeron\u00e1utica Civil. Direcci\u00f3n de Meteorolog\u00eda e Hidrolog\u00eda.\u003C\/p\u003E\n","format":"csv","state":"Active","revision_timestamp":"Jue, 08\/25\/2022 - 03:38","name":"Temperatura m\u00e1xima media anual, seg\u00fan estaci\u00f3n meteorol\u00f3gica. Periodo 2010-2019","mimetype":"text\/csv","size":"1.61 KB","created":"Jue, 08\/25\/2022 - 03:38","resource_group_id":"9eaed2c1-6f67-4fe8-8dd4-daef8833beeb","last_modified":"Date changed  Jue, 08\/25\/2022 - 03:38"},{"id":"42c12e98-c7ba-4ee8-a9cc-b6c07ea246f7","revision_id":"","url":"https:\/\/www.datos.gov.py\/sites\/default\/files\/2.1.6.TEMPERATURA%20M%C3%81XIMA%20MEDIA%20MENSUAL%20%28%C2%B0C%29%2C%20SEG%C3%9AN%20ESTACI%C3%93N%20METEOROL%C3%93GICA.%20PERIODO%202018-2019.csv","description":"\u003Cp\u003EObservaci\u00f3n: Puerto Casado anteriormente denominado La Victoria.\u003C\/p\u003E\n\u003Cp\u003EFUENTE: Direcci\u00f3n Nacional de Aeron\u00e1utica Civil. Direcci\u00f3n de Meteorolog\u00eda e Hidrolog\u00eda.\u003C\/p\u003E\n","format":"csv","state":"Active","revision_timestamp":"Jue, 08\/25\/2022 - 03:39","name":"Temperatura m\u00e1xima media mensual, seg\u00fan estaci\u00f3n meteorol\u00f3gica. Periodo 2018-2019","mimetype":"text\/csv","size":"3.58 KB","created":"Jue, 08\/25\/2022 - 03:39","resource_group_id":"9eaed2c1-6f67-4fe8-8dd4-daef8833beeb","last_modified":"Date changed  Jue, 08\/25\/2022 - 03:39"},{"id":"5b71eaa7-8de9-4558-be3b-1834ffc53b79","revision_id":"","url":"https:\/\/www.datos.gov.py\/sites\/default\/files\/2.1.7.TEMPERATURA%20MEDIA%20ANUAL%20%28%C2%B0C%29%2C%20SEG%C3%9AN%20ESTACI%C3%93N%20METEOROL%C3%93GICA.%20PERIODO%202010-2019.csv","description":"\u003Cp\u003EObservaci\u00f3n:\u003Cbr \/\u003E\nAlgunos meses con datos faltantes en:\u003Cbr \/\u003E\n    Adri\u00e1n Jara y Bah\u00eda Negra, en los a\u00f1os 2010, 2011, 2012 y 2013.\u003Cbr \/\u003E\n    Capit\u00e1n Miranda, en los a\u00f1os 2011 y 2013.\u003Cbr \/\u003E\n    Coronel Oviedo y San Pedro, en el a\u00f1o 2011.\u003Cbr \/\u003E\n    Pozo Colorado, en el a\u00f1o 2013.\u003Cbr \/\u003E\n    Pratts Gill, en los a\u00f1os 2010, 2012 y 2013.\u003Cbr \/\u003E\n    Salto del Guair\u00e1, en el a\u00f1o 2010.\u003Cbr \/\u003E\n    San Juan Bautista Misiones, en los a\u00f1os 2010 y 2011.\u003Cbr \/\u003E\nPuerto Casado anteriormente denominado La Victoria.\u003Cbr \/\u003E\nFUENTE: Direcci\u00f3n Nacional de Aeron\u00e1utica Civil. Direcci\u00f3n de Meteorolog\u00eda e Hidrolog\u00eda.\u003C\/p\u003E\n","format":"csv","state":"Active","revision_timestamp":"Jue, 08\/25\/2022 - 03:49","name":"Temperatura media anual, seg\u00fan estaci\u00f3n meteorol\u00f3gica. Periodo 20010-2019","mimetype":"text\/csv","size":"1.65 KB","created":"Jue, 08\/25\/2022 - 03:49","resource_group_id":"9eaed2c1-6f67-4fe8-8dd4-daef8833beeb","last_modified":"Date changed  Jue, 08\/25\/2022 - 03:49"},{"id":"0be2f051-24eb-4f87-9bec-aca85f80befc","revision_id":"","url":"https:\/\/www.datos.gov.py\/sites\/default\/files\/2.1.8.TEMPERATURA%20MEDIA%20MENSUAL%20%28%C2%B0C%29%2C%20SEG%C3%9AN%20ESTACI%C3%93N%20METEOROL%C3%93GICA.%20PERIODO%202018-2019.csv","description":"\u003Cp\u003EObservaci\u00f3n: Puerto Casado anteriormente denominado La Victoria.\u003Cbr \/\u003E\nFUENTE: Direcci\u00f3n Nacional de Aeron\u00e1utica Civil. Direcci\u00f3n de Meteorolog\u00eda e Hidrolog\u00eda.\u003C\/p\u003E\n","format":"csv","state":"Active","revision_timestamp":"Jue, 08\/25\/2022 - 03:50","name":"Temperatura media mensual, seg\u00fan estaci\u00f3n meteorol\u00f3gica. Periodo 2018-2019","mimetype":"text\/csv","size":"3.56 KB","created":"Jue, 08\/25\/2022 - 03:50","resource_group_id":"9eaed2c1-6f67-4fe8-8dd4-daef8833beeb","last_modified":"Date changed  Jue, 08\/25\/2022 - 03:50"},{"id":"b640cadc-1a50-4dcb-ae04-a53c6c8abdfc","revision_id":"","url":"https:\/\/www.datos.gov.py\/sites\/default\/files\/2.1.9.TEMPERATURA%20M%C3%8DNIMA%20MEDIA%20ANUAL%20%28%C2%B0C%29%2C%20SEG%C3%9AN%20ESTACI%C3%93N%20METEOROL%C3%93GICA.%20PERIODO%202010-2019.csv","description":"\u003Cp\u003EObservaci\u00f3n:\u003Cbr \/\u003E\nAlgunos meses con datos faltantes:\u003Cbr \/\u003E\n    Adri\u00e1n Jara y Bah\u00eda Negra, en los a\u00f1os 2010, 2011, 2012 y 2013.\u003Cbr \/\u003E\n    Pozo Colorado, en el a\u00f1o 2013.\u003Cbr \/\u003E\n    Pratts Gill, en los a\u00f1os 2010, 2012 y 2013.\u003Cbr \/\u003E\n    Salto del Guair\u00e1 en el a\u00f1o 2010.\u003Cbr \/\u003E\n    San Juan Bautista Misiones en el a\u00f1o 2011.\u003Cbr \/\u003E\nPuesto Casado anteriormente denominado La Victoria.\u003Cbr \/\u003E\nFUENTE: Direcci\u00f3n Nacional de Aeron\u00e1utica Civil. Direcci\u00f3n de Meteorolog\u00eda e Hidrolog\u00eda.\u003C\/p\u003E\n","format":"csv","state":"Active","revision_timestamp":"Jue, 08\/25\/2022 - 03:51","name":"Temperatura m\u00ednima media anual, seg\u00fan estaci\u00f3n meteorol\u00f3gica. Periodo 2010-2019","mimetype":"text\/csv","size":"1.65 KB","created":"Jue, 08\/25\/2022 - 03:51","resource_group_id":"9eaed2c1-6f67-4fe8-8dd4-daef8833beeb","last_modified":"Date changed  Jue, 08\/25\/2022 - 03:51"},{"id":"8ba06e75-b1c2-4e12-ac9c-d1812968cd23","revision_id":"","url":"https:\/\/www.datos.gov.py\/sites\/default\/files\/2.1.10.TEMPERATURA%20M%C3%8DNIMA%20MEDIA%20MENSUAL%20%28%C2%B0C%29%2C%20SEG%C3%9AN%20ESTACI%C3%93N%20METEOROL%C3%93GICA.%20PERIODO%202018-2019.csv","description":"\u003Cp\u003EObservaci\u00f3n: Puerto Casado anteriormente denominado La Victoria.\u003C\/p\u003E\n\u003Cp\u003EFUENTE: Direcci\u00f3n Nacional de Aeron\u00e1utica Civil. Direcci\u00f3n de Meteorolog\u00eda e Hidrolog\u00eda.\u003C\/p\u003E\n","format":"csv","state":"Active","revision_timestamp":"Jue, 08\/25\/2022 - 03:53","name":"Temperatura m\u00ednima media mensual, seg\u00fan estaci\u00f3n meteorol\u00f3gica. Periodo 2018-2019","mimetype":"text\/csv","size":"3.69 KB","created":"Jue, 08\/25\/2022 - 03:53","resource_group_id":"9eaed2c1-6f67-4fe8-8dd4-daef8833beeb","last_modified":"Date changed  Jue, 08\/25\/2022 - 03:53"},{"id":"2e73c462-fd4b-4cd7-9b20-e05a4e56fb92","revision_id":"","url":"https:\/\/www.datos.gov.py\/sites\/default\/files\/2.1.11.EMISIONES%20DE%20GASES%20DE%20EFECTO%20INVERNADERO%20%28Gg%29%2C%20SEG%C3%9AN%20GAS%20Y%20SECTOR.%20PERIODO%202013-2015.csv","description":"\u003Cp\u003EObservaci\u00f3n: Gigagramos: Unidad de medida equivalente a 109 gramos.\u003Cbr \/\u003E\nCifras recalculadas en base a la Tercera Comunicaci\u00f3n Nacional de Paraguay a la Convenci\u00f3n Marco de las Naciones Unidas sobre el Cambio Clim\u00e1tico.\u003Cbr \/\u003E\nLas emisiones fueron construidas en funci\u00f3n a CO2 equivalente.\u003Cbr \/\u003E\nFUENTE: Ministerio del Ambiente y Desarrollo Sostenible. Direcci\u00f3n Nacional de Cambio Clim\u00e1tico.\u003C\/p\u003E\n","format":"csv","state":"Active","revision_timestamp":"Jue, 08\/25\/2022 - 03:54","name":"Emisiones de gases de efecto invernadero, seg\u00fan gas y sector. Periodo 2013-2015.","mimetype":"text\/csv","size":"1.05 KB","created":"Jue, 08\/25\/2022 - 03:54","resource_group_id":"9eaed2c1-6f67-4fe8-8dd4-daef8833beeb","last_modified":"Date changed  Jue, 08\/25\/2022 - 03:54"},{"id":"6f87cf3c-520c-413e-8a50-fce68d7424ba","revision_id":"","url":"https:\/\/www.datos.gov.py\/sites\/default\/files\/2.1.12.CONSUMO%20DE%20SUSTANCIAS%20AGOTADORAS%20DE%20LA%20CAPA%20DE%20OZONO%20%28Toneladas%20PAO%29.%20PERIODO%202010-2019.csv","description":"\u003Cp\u003EObservaci\u00f3n:\u003Cbr \/\u003E\n    Tn PAO: Representa la cantidad de una sustancia expresada en toneladas y multiplicada por su PAO\u003Cbr \/\u003E\n    PAO (Potencial de Agotamiento de Ozono): Factor utilizado en el Protocolo de Montreal para medir la\u003Cbr \/\u003E\ncapacidad relativa de destrucci\u00f3n de la capa de ozono estratosf\u00e9rica de una determinada SAO tomando\u003Cbr \/\u003E\ncomo referencia la capacidad de destrucci\u00f3n del Triclorofluorometano (CFC-11) al que se le asigna por\u003Cbr \/\u003E\nconvenci\u00f3n un PAO igual a uno.\u003Cbr \/\u003E\n0,0 No hubo emisi\u00f3n.\u003Cbr \/\u003E\nFUENTE: Ministerio del Ambiente y Desarrollo Sostenible. Direcci\u00f3n T\u00e9cnica del Aire.\u003C\/p\u003E\n","format":"csv","state":"Active","revision_timestamp":"Jue, 08\/25\/2022 - 03:55","name":"Consumo de sustancias agotadoras de la capa de ozono. Periodo 2010-2019","mimetype":"text\/csv","size":"312 bytes","created":"Jue, 08\/25\/2022 - 03:55","resource_group_id":"9eaed2c1-6f67-4fe8-8dd4-daef8833beeb","last_modified":"Date changed  Jue, 08\/25\/2022 - 03:55"}],"tags":[{"id":"705621c2-fd69-4205-b5d9-3f70a266e1bf","vocabulary_id":"2","name":"Compendio Estad\u00edstico Ambiental"},{"id":"4440da5a-1266-4b61-90ed-73d78c30ef5b","vocabulary_id":"2","name":"aire"},{"id":"b98bf566-7e96-4356-9c55-7dd6071444b7","vocabulary_id":"2","name":"climatolog\u00eda"},{"id":"a6342264-639e-48bc-8b9d-d6fa84e4d53b","vocabulary_id":"2","name":"efecto invernadero"}],"groups":[{"description":"\u003Cp\u003ELey N\u00b0 6770 \u0022Que establece la modernizaci\u00f3n del Sistema Estad\u00edstico Nacional (SISEN) y crea el Instituto Nacional de Estad\u00edstica (INE)\u0022 la Direcci\u00f3n General de Estad\u00edstica, Encuestas y Censos pasa a denominarse Instituto Nacional de Estad\u00edstica (INE) como persona jur\u00eddica de derecho p\u00fablico, con car\u00e1cter aut\u00e1rquico y aut\u00f3nomo\u003C\/p\u003E\n","id":"9eaed2c1-6f67-4fe8-8dd4-daef8833beeb","image_display_url":"https:\/\/www.datos.gov.py\/sites\/default\/files\/ine.PNG","title":"INSTITUTO NACIONAL DE ESTADISTICA (INE)","name":"group\/instituto-nacional-de-estadistica-ine"}]}]}