{"help":"Return the metadata of a dataset (package) and its resources. :param id: the id or name of the dataset :type id: string","success":true,"result":[{"id":"86bdbe38-1d51-48a2-a423-f381b783ad4f","name":"anuario-estad\u00edstico-2019-econom\u00eda","title":"ANUARIO ESTAD\u00cdSTICO 2019: Econom\u00eda","maintainer":"Datos.gov.py","maintainer_email":"mmeza@mitic.gov.py","license_title":"https:\/\/www.paraguay.gov.py\/datos-abiertos\/licencias","notes":"\u003Cp\u003EEl Instituto Nacional de Estad\u00edstica presenta el Anuario Estad\u00edstico 2019, cuya finalidad es dar car\u00e1cter oficial a la informaci\u00f3n estad\u00edstica producida por esta direcci\u00f3n y por otras instituciones p\u00fablicas.\u003Cbr \/\u003E\nLa disposici\u00f3n de los datos e indicadores se realiza bajo criterios preestablecidos de presentaci\u00f3n y manejo, permitiendo la continuaci\u00f3n de series de informaci\u00f3n comparables en el tiempo por las mismas instituciones generadoras y sus usuarios.\u003Cbr \/\u003E\nCabe resaltar la importancia de la disposici\u00f3n de los datos estad\u00edsticos en el marco del cumplimiento de la Agenda 2030 y los 17 Objetivos de Desarrollo Sostenible (ODS), los cuales marcan la hoja de ruta de los gobiernos y pa\u00edses para los pr\u00f3ximos 15 a\u00f1os; y cuyo monitoreo de cumplimiento se encuentra a cargo de los diversos organismos internacionales que componen a las Naciones Unidas.\u003Cbr \/\u003E\nEl Paraguay se hace part\u00edcipe de esta ruta en la b\u00fasqueda y aplicaci\u00f3n de reformas que impulsen el crecimiento del pa\u00eds; en este contexto la generaci\u00f3n de estad\u00edsticas adecuadas y continuas permite la visualizaci\u00f3n de los avances en materia econ\u00f3mica, social y medioambiental, pilares que integran el desarrollo sostenible propuesto en la agenda 2030.\u003Cbr \/\u003E\nEl INE agradece la valiosa colaboraci\u00f3n de las Instituciones, que cada a\u00f1o proporcionan los datos que hacen posible la elaboraci\u00f3n del presente material; el cual por su diversidad tem\u00e1tica y la riqueza de contenido se constituye en un instrumento \u00fatil para los planificadores, investigadores y usuarios en general.\u003C\/p\u003E\n","url":"https:\/\/www.datos.gov.py\/dataset\/anuario-estad%C3%ADstico-2019-econom%C3%ADa","state":"Active","log_message":"Update to resource \u0027Property title\u0027","private":true,"revision_timestamp":"Jue, 06\/09\/2022 - 11:22","metadata_created":"Jue, 06\/09\/2022 - 08:22","metadata_modified":"Jue, 06\/09\/2022 - 11:22","creator_user_id":"6e460875-5d75-4a20-b4c0-160a50bb251b","type":"Dataset","resources":[{"id":"a015f98e-af35-4c0d-8bd2-160ba2ba0cf0","revision_id":"","url":"https:\/\/www.datos.gov.py\/sites\/default\/files\/CUADRO%206.1.1.%20SUPERFICIE%20CULTIVADA%20Y%20PRODUCCI%C3%93N%20POR%20A%C3%91O%20AGR%C3%8DCOLA%2C%20SEG%C3%9AN%20CULTIVOS%20TEMPORALES.%20A%C3%91OS%20AGR%C3%8DCOLAS%202017-2018---2018-2019.csv","description":"\u003Cp\u003EObservaci\u00f3n: Para la producci\u00f3n (toneladas) de mandioca en el a\u00f1o 2017\/2018 la cifra fue actualizada por la fuente.\u003Cbr \/\u003E\nNota:\u003Cbr \/\u003E\n    * ha: Hect\u00e1reas.\u003Cbr \/\u003E\n    * t: Toneladas.\u003Cbr \/\u003E\nFUENTE: Ministerio de Agricultura y Ganader\u00eda. S\u00edntesis Estad\u00edstica. Producci\u00f3n Agropecuaria 2018\/2019.\u003C\/p\u003E\n","format":"csv","state":"Active","revision_timestamp":"Jue, 06\/09\/2022 - 08:27","name":"SUPERFICIE CULTIVADA Y PRODUCCI\u00d3N POR A\u00d1O AGR\u00cdCOLA, SEG\u00daN CULTIVOS TEMPORALES. A\u00d1OS AGR\u00cdCOLAS 2017\/2018-2018\/2019.","mimetype":"text\/csv","size":"1.4 KB","created":"Jue, 06\/09\/2022 - 08:27","resource_group_id":"9eaed2c1-6f67-4fe8-8dd4-daef8833beeb","last_modified":"Date changed  Jue, 06\/09\/2022 - 08:27"},{"id":"a6cc9382-38de-4173-835e-c4c43bed8d73","revision_id":"","url":"https:\/\/www.datos.gov.py\/sites\/default\/files\/CUADRO%206.1.2.%20SUPERFICIE%20Y%20PRODUCCI%C3%93N%20POR%20A%C3%91O%20AGR%C3%8DCOLA%2C%20SEG%C3%9AN%20CULTIVOS%20PERMANENTES%20A%C3%91OS%20AGR%C3%8DCOLAS%202017-2018---2018-2019.csv","description":"\u003Cp\u003ENota:\u003Cbr \/\u003E\n    * ha: Hect\u00e1reas.\u003Cbr \/\u003E\n    * t: Toneladas.\u003Cbr \/\u003E\nFUENTE: Ministerio de Agricultura y Ganader\u00eda. S\u00edntesis Estad\u00edstica. Producci\u00f3n Agropecuaria 2018\/2019.\u003C\/p\u003E\n","format":"csv","state":"Active","revision_timestamp":"Jue, 06\/09\/2022 - 08:28","name":"SUPERFICIE Y PRODUCCI\u00d3N POR A\u00d1O AGR\u00cdCOLA, SEG\u00daN CULTIVOS PERMANENTES A\u00d1OS AGR\u00cdCOLAS 2017\/2018-2018\/2019.","mimetype":"text\/csv","size":"587 bytes","created":"Jue, 06\/09\/2022 - 08:28","resource_group_id":"9eaed2c1-6f67-4fe8-8dd4-daef8833beeb","last_modified":"Date changed  Jue, 06\/09\/2022 - 08:28"},{"id":"ce85d42a-d8c6-461f-9ec4-8533d69e04d3","revision_id":"","url":"https:\/\/www.datos.gov.py\/sites\/default\/files\/CUADRO%206.1.3.%20SUPERFICIE%20CULTIVADA%20Y%20PRODUCCI%C3%93N%20DE%20CULTIVOS%20TEMPORALES%2C%20SEG%C3%9AN%20DEPARTAMENTO.%20A%C3%91O%20AGR%C3%8DCOLA%202018-2019.csv","description":"\u003Cp\u003EObservaci\u00f3n: Las sumas totales pueden tener diferencias debido a redondeos decimales.\u003Cbr \/\u003E\nNota:\u003Cbr \/\u003E\n    * Dpto.: Departamento.\u003Cbr \/\u003E\n    * ha: Hect\u00e1reas.\u003Cbr \/\u003E\n    * t: Toneladas.\u003Cbr \/\u003E\n    * Pdte.: Presidente.\u003Cbr \/\u003E\nFUENTE: Ministerio de Agricultura y Ganader\u00eda. S\u00edntesis Estad\u00edstica. Producci\u00f3n Agropecuaria 2018\/2019.\u003C\/p\u003E\n","format":"csv","state":"Active","revision_timestamp":"Jue, 06\/09\/2022 - 08:32","name":"SUPERFICIE CULTIVADA Y PRODUCCI\u00d3N DE CULTIVOS TEMPORALES, SEG\u00daN DEPARTAMENTO. A\u00d1O AGR\u00cdCOLA 2018\/2019.","mimetype":"text\/csv","size":"6.77 KB","created":"Jue, 06\/09\/2022 - 08:32","resource_group_id":"9eaed2c1-6f67-4fe8-8dd4-daef8833beeb","last_modified":"Date changed  Jue, 06\/09\/2022 - 08:32"},{"id":"b6182980-a9cf-41c2-9577-f719d27d0c21","revision_id":"","url":"https:\/\/www.datos.gov.py\/sites\/default\/files\/CUADRO%206.1.4.%20SUPERFICIE%20Y%20PRODUCCI%C3%93N%20DE%20CULTIVOS%20PERMANENTES%2C%20SEG%C3%9AN%20DPTO.%20A%C3%91O%20AGR%C3%8DCOLA%202018-2019.csv","description":"\u003Cp\u003ENota:\u003Cbr \/\u003E\n    * ha: Hect\u00e1reas.\u003Cbr \/\u003E\n    * t: Toneladas.\u003Cbr \/\u003E\n    * Dpto.: Departamento.\u003Cbr \/\u003E\nFUENTE: Ministerio de Agricultura y Ganader\u00eda. S\u00edntesis Estad\u00edstica. Producci\u00f3n Agropecuaria 2018\/2019.\u003C\/p\u003E\n","format":"csv","state":"Active","revision_timestamp":"Jue, 06\/09\/2022 - 08:33","name":"SUPERFICIE Y PRODUCCI\u00d3N DE CULTIVOS PERMANENTES, SEG\u00daN DEPARTAMENTO A\u00d1O AGR\u00cdCOLA 2018\/2019.","mimetype":"text\/csv","size":"2.83 KB","created":"Jue, 06\/09\/2022 - 08:33","resource_group_id":"9eaed2c1-6f67-4fe8-8dd4-daef8833beeb","last_modified":"Date changed  Jue, 06\/09\/2022 - 08:33"},{"id":"619b7634-27b5-457e-aa8a-07d03e728e84","revision_id":"","url":"https:\/\/www.datos.gov.py\/sites\/default\/files\/CUADRO%206.1.5.%20PRECIOS%20FRUTIHORT%C3%8DCOLAS%20A%20NIVEL%20MAYORISTA%20POR%20MES%2C%20SEG%C3%9AN%20PRODUCTO.%20MERCADO%20CENTRAL%20DE%20ABASTO%20DE%20ASUNCI%C3%93N%20%28DAMA%29.%20A%C3%91O%202019.csv","description":"\u003Cp\u003EFUENTE: Ministerio de Agricultura y Ganader\u00eda. Direcci\u00f3n de Comercializaci\u00f3n. Servicio de Informaci\u00f3n de Mercados Agropecuarios (SIMA).\u003C\/p\u003E\n","format":"csv","state":"Active","revision_timestamp":"Jue, 06\/09\/2022 - 08:59","name":"PRECIOS FRUTIHORT\u00cdCOLAS A NIVEL MAYORISTA POR MES, SEG\u00daN PRODUCTO. MERCADO CENTRAL DE ABASTO DE ASUNCI\u00d3N (DAMA). A\u00d1O 2019.","mimetype":"text\/csv","size":"11.31 KB","created":"Jue, 06\/09\/2022 - 08:59","resource_group_id":"9eaed2c1-6f67-4fe8-8dd4-daef8833beeb","last_modified":"Date changed  Jue, 06\/09\/2022 - 08:59"},{"id":"d08df219-7002-465a-899a-951066af3c31","revision_id":"","url":"https:\/\/www.datos.gov.py\/sites\/default\/files\/CUADRO%206.2.1.%20EXISTENCIA%20DE%20GANADO%20BOVINO%20%20%28en%20miles%29%20POR%20A%C3%91O%2C%20SEG%C3%9AN%20DPTO.%20PERIODO%202016-2019.csv","description":"\u003Cp\u003EObservaci\u00f3n: Incluye bubalinos. Las sumas totales pueden tener diferencias debido a redondeos matem\u00e1ticos.\u003Cbr \/\u003E\nFUENTE: Ministerio de Agricultura y Ganader\u00eda. S\u00edntesis Estad\u00edstica. Producci\u00f3n Agropecuaria 2018\/2019.\u003C\/p\u003E\n","format":"csv","state":"Active","revision_timestamp":"Jue, 06\/09\/2022 - 08:59","name":"EXISTENCIA DE GANADO BOVINO  (en miles) POR A\u00d1O, SEG\u00daN DEPARTAMENTO PERIODO 2016-2019.","mimetype":"text\/csv","size":"891 bytes","created":"Jue, 06\/09\/2022 - 08:59","resource_group_id":"9eaed2c1-6f67-4fe8-8dd4-daef8833beeb","last_modified":"Date changed  Jue, 06\/09\/2022 - 08:59"},{"id":"fbafecec-2f63-4bf5-a608-563fa02c19a5","revision_id":"","url":"https:\/\/www.datos.gov.py\/sites\/default\/files\/CUADRO%206.2.2.%20BOVINOS%20VACUNADOS%20CONTRA%20LA%20FIEBRE%20AFTOSA%2C%20REBA%C3%91OS%20BOVINOS%20REGISTRADOS%20Y%20POBLACI%C3%93N%20BOVINA%2C%20SEG%C3%9AN%20DPTO.%20A%C3%91O%202019.csv","description":"\u003Cp\u003EObservaci\u00f3n: Corresponde al primer periodo de vacunaci\u00f3n.\u003Cbr \/\u003E\n    - Para los datos de bovinos vacunados y poblaci\u00f3n bovina incluyen bubalinos.\u003Cbr \/\u003E\n    - En el Departamento Central incluye Asunci\u00f3n.\u003Cbr \/\u003E\nNota:\u003Cbr \/\u003E\n    * Dpto.: Departamento.\u003Cbr \/\u003E\n    * Pdte.: Presidente.\u003Cbr \/\u003E\nFUENTE: Servicio Nacional de Calidad y Salud Animal. Direcci\u00f3n de Planificaci\u00f3n y Estad\u00edstica.\u003C\/p\u003E\n","format":"csv","state":"Active","revision_timestamp":"Jue, 06\/09\/2022 - 09:01","name":"BOVINOS VACUNADOS CONTRA LA FIEBRE AFTOSA, REBA\u00d1OS BOVINOS REGISTRADOS Y POBLACI\u00d3N BOVINA, SEG\u00daN DEPARTAMENTO. A\u00d1O 2019.","mimetype":"text\/csv","size":"842 bytes","created":"Jue, 06\/09\/2022 - 09:01","resource_group_id":"9eaed2c1-6f67-4fe8-8dd4-daef8833beeb","last_modified":"Date changed  Jue, 06\/09\/2022 - 09:01"},{"id":"3324e63e-4fbd-4ea4-a5e6-35342f0d2834","revision_id":"","url":"https:\/\/www.datos.gov.py\/sites\/default\/files\/CUADRO%206.2.3.%20ANIMALES%20SOMETIDOS%20A%20PRUEBA%20DE%20DIAGN%C3%93STICO%20DE%20BRUCELOSIS%2C%20SEG%C3%9AN%20A%C3%91O%20Y%20DPTO.%20DE%20ORIGEN.%20PERIODO%202018-2019.csv","description":"\u003Cp\u003EObservaci\u00f3n: Desde el a\u00f1o 2017 son contabilizados solo los lotes positivos del total.\u003Cbr \/\u003E\nNota:\u003Cbr \/\u003E\n    * Dpto.: Departamento.\u003Cbr \/\u003E\n    * Pdte.: Presidente.\u003Cbr \/\u003E\nFUENTE: Servicio Nacional de Calidad y Salud Animal. Direcci\u00f3n de Planificaci\u00f3n y Estad\u00edstica.\u003C\/p\u003E\n","format":"csv","state":"Active","revision_timestamp":"Jue, 06\/09\/2022 - 09:02","name":"ANIMALES SOMETIDOS A PRUEBA DE DIAGN\u00d3STICO DE BRUCELOSIS, SEG\u00daN A\u00d1O Y DEPARTAMENTO DE ORIGEN. PERIODO 2018-2019.","mimetype":"text\/csv","size":"1.75 KB","created":"Jue, 06\/09\/2022 - 09:02","resource_group_id":"9eaed2c1-6f67-4fe8-8dd4-daef8833beeb","last_modified":"Date changed  Jue, 06\/09\/2022 - 09:02"},{"id":"8873e8b0-336d-4dc2-92dd-9f7abc332c58","revision_id":"","url":"https:\/\/www.datos.gov.py\/sites\/default\/files\/CUADRO%206.2.4.%20BOVINOS%20SOMETIDOS%20A%20PRUEBA%20DE%20TUBERCULINA%2C%20SEG%C3%9AN%20A%C3%91O%20Y%20DPTO.%20DE%20ORIGEN.%20PERIODO%202018-2019.csv","description":"\u003Cp\u003EObservaci\u00f3n: Incluye muestras de las especies dom\u00e9sticas bovina, ovina, bubalina y caprina.\u003Cbr \/\u003E\n    - En el Departamento de Alto Paran\u00e1 y Boquer\u00f3n del a\u00f1o 2019 se incluyen animales silvestres.\u003Cbr \/\u003E\nNota:\u003Cbr \/\u003E\n    * Dpto.: Departamento.\u003Cbr \/\u003E\n    * Pdte.: Presidente.\u003Cbr \/\u003E\nFUENTE: Servicio Nacional de Calidad y Salud Animal.. Direcci\u00f3n de Planificaci\u00f3n y Estad\u00edstica.\u003C\/p\u003E\n","format":"csv","state":"Active","revision_timestamp":"Jue, 06\/09\/2022 - 09:03","name":"BOVINOS SOMETIDOS A PRUEBA DE TUBERCULINA, SEG\u00daN A\u00d1O Y DEPARTAMENTO DE ORIGEN. PERIODO 2018-2019.","mimetype":"text\/csv","size":"1.81 KB","created":"Jue, 06\/09\/2022 - 09:03","resource_group_id":"9eaed2c1-6f67-4fe8-8dd4-daef8833beeb","last_modified":"Date changed  Jue, 06\/09\/2022 - 09:03"},{"id":"fc44a796-36b3-45e5-bf8d-5530ccb2a9d8","revision_id":"","url":"https:\/\/www.datos.gov.py\/sites\/default\/files\/CUADRO%206.2.5.%20DIAGN%C3%93STICO%20DE%20RABIA%2C%20SEG%C3%9AN%20DPTO.%20A%C3%91O%202019.csv","description":"\u003Cp\u003EObservaci\u00f3n: Laboratorios; SENACSA, M.S.P. y B.S. y CEDIVEP SRL.\u003Cbr \/\u003E\nNota:\u003Cbr \/\u003E\n    * Dpto.: Departamento.\u003Cbr \/\u003E\n    * Pdte.: Presidente.\u003Cbr \/\u003E\nFUENTE: Servicio Nacional de Calidad y Salud Animal. Direcci\u00f3n de Planificaci\u00f3n y Estad\u00edstica.\u003C\/p\u003E\n","format":"csv","state":"Active","revision_timestamp":"Jue, 06\/09\/2022 - 09:04","name":"DIAGN\u00d3STICO DE RABIA, SEG\u00daN DEPARTAMENTO. A\u00d1O 2019.","mimetype":"text\/csv","size":"629 bytes","created":"Jue, 06\/09\/2022 - 09:04","resource_group_id":"9eaed2c1-6f67-4fe8-8dd4-daef8833beeb","last_modified":"Date changed  Jue, 06\/09\/2022 - 09:04"},{"id":"7a579bb7-7e7e-4da8-9638-f2ab804d4699","revision_id":"","url":"https:\/\/www.datos.gov.py\/sites\/default\/files\/CUADRO%206.2.6.%20DIAGN%C3%93STICO%20DE%20RABIA%2C%20SEG%C3%9AN%20ESPECIE.%20A%C3%91O%202019.csv","description":"\u003Cp\u003EObservaci\u00f3n: Laboratorios; SENACSA, M.S.P. y B.S. y CEDIVEP SRL.\u003Cbr \/\u003E\nFUENTE: Servicio Nacional de Calidad y Salud Animal. Direcci\u00f3n de Planificaci\u00f3n y Estad\u00edstica.\u003C\/p\u003E\n","format":"csv","state":"Active","revision_timestamp":"Jue, 06\/09\/2022 - 09:05","name":"DIAGN\u00d3STICO DE RABIA, SEG\u00daN ESPECIE. A\u00d1O 2019.","mimetype":"text\/csv","size":"318 bytes","created":"Jue, 06\/09\/2022 - 09:05","resource_group_id":"9eaed2c1-6f67-4fe8-8dd4-daef8833beeb","last_modified":"Date changed  Jue, 06\/09\/2022 - 09:05"}],"tags":[{"id":"3fdda00c-56f8-494c-a4c1-e3848f2e8c95","vocabulary_id":"2","name":"Anuario Estad\u00edstico"},{"id":"7df2d2a3-a4ee-4c8d-b28f-fe6718d1380e","vocabulary_id":"2","name":"econom\u00eda"},{"id":"ebfc01a3-30e7-4415-889b-d47c38d86f26","vocabulary_id":"2","name":"ganado"},{"id":"3e129943-b5c0-44e3-8c7a-8764ea5a96bd","vocabulary_id":"2","name":"cultivo"}],"groups":[{"description":"\u003Cp\u003ELey N\u00b0 6770 \u0022Que establece la modernizaci\u00f3n del Sistema Estad\u00edstico Nacional (SISEN) y crea el Instituto Nacional de Estad\u00edstica (INE)\u0022 la Direcci\u00f3n General de Estad\u00edstica, Encuestas y Censos pasa a denominarse Instituto Nacional de Estad\u00edstica (INE) como persona jur\u00eddica de derecho p\u00fablico, con car\u00e1cter aut\u00e1rquico y aut\u00f3nomo\u003C\/p\u003E\n","id":"9eaed2c1-6f67-4fe8-8dd4-daef8833beeb","image_display_url":"https:\/\/www.datos.gov.py\/sites\/default\/files\/ine.PNG","title":"INSTITUTO NACIONAL DE ESTADISTICA (INE)","name":"group\/instituto-nacional-de-estadistica-ine"}]}]}