{"help":"Return the metadata of a dataset (package) and its resources. :param id: the id or name of the dataset :type id: string","success":true,"result":[{"id":"88a2920a-79e6-4d5c-b71e-7068cba49a82","name":"compendio-estad\u00edstico-ambiental-2018-tema-climatolog\u00eda","title":"COMPENDIO ESTAD\u00cdSTICO AMBIENTAL 2018. Tema: Climatolog\u00eda","maintainer":"Datos.gov.py","maintainer_email":"mmeza@mitic.gov.py","license_title":"https:\/\/www.paraguay.gov.py\/datos-abiertos\/licencias","notes":"\u003Cp\u003EEl material es producto del trabajo coordinado entre la DGEEC y las instituciones relacionadas con la tem\u00e1tica ambiental, las cuales han aportado datos generados en sus \u00e1reas de competencia, d\u00e1ndose de \u00e9sta\u003Cbr \/\u003E\nmanera continuidad a las series de informaci\u00f3n sobre estad\u00edsticas ambientales.\u003Cbr \/\u003E\nLos datos e indicadores presentados reflejan la realidad ambiental en el Paraguay destacando su capital\u003Cbr \/\u003E\nnatural. Por otro lado, las informaciones presentadas as\u00ed como los procesos que conllevan su generaci\u00f3n,\u003Cbr \/\u003E\nconstituyen la base para el establecimiento de un sistema de informaci\u00f3n oportuno y confiable para la\u003Cbr \/\u003E\ntoma de decisiones por otro lado, en el \u00e1mbito de la gesti\u00f3n ambiental.\u003Cbr \/\u003E\nCabe resaltar la importancia de la disposici\u00f3n de los datos estad\u00edsticos en el marco del cumplimiento de\u003Cbr \/\u003E\nla Agenda 2030 y los 17 Objetivos de Desarrollo Sostenible (ODS), los cuales marcan la hoja de ruta de los\u003Cbr \/\u003E\ngobiernos y pa\u00edses para los pr\u00f3ximos 15 a\u00f1os; y cuyo monitoreo de cumplimiento se encuentra a cargo de\u003Cbr \/\u003E\nlos diversos organismos internacionales que componen a las Naciones Unidas.\u003Cbr \/\u003E\nEl Paraguay se hace part\u00edcipe de esta ruta en la b\u00fasqueda y aplicaci\u00f3n de reformas que impulsen el crecimiento del pa\u00eds; en este contexto la generaci\u00f3n de estad\u00edsticas adecuadas y continuas permite la visualizaci\u00f3n de los avances en materia econ\u00f3mica, social y medioambiental, pilares que integran el desarrollo\u003Cbr \/\u003E\nsostenible propuesto en la Agenda 2030.\u003Cbr \/\u003E\nLa DGEEC agradece la colaboraci\u00f3n de las instituciones que han proporcionado informaci\u00f3n haciendo posible la publicaci\u00f3n de esta edici\u00f3n; se espera que el material sea incorporado a los distintos \u00e1mbitos\u003Cbr \/\u003E\nde actividad de la sociedad, promoviendo la valoraci\u00f3n y el cuidado de los recursos naturales disponibles\u003Cbr \/\u003E\nen el pa\u00eds.\u003C\/p\u003E\n","url":"https:\/\/www.datos.gov.py\/dataset\/compendio-estad%C3%ADstico-ambiental-2018-tema-climatolog%C3%ADa","state":"Active","log_message":"Update to resource \u0027Property title\u0027","private":true,"revision_timestamp":"Mar, 08\/03\/2021 - 22:45","metadata_created":"Mi\u00e9, 07\/14\/2021 - 08:40","metadata_modified":"Mar, 08\/03\/2021 - 22:45","creator_user_id":"6e460875-5d75-4a20-b4c0-160a50bb251b","type":"Dataset","resources":[{"id":"881d444b-2c26-4168-88de-0c07c669fd80","revision_id":"","url":"https:\/\/www.datos.gov.py\/sites\/default\/files\/2.1.1%20HUMEDAD%20RELATIVA%20MEDIA%20ANUAL%20%28%25%29%2C%20SEG%C3%9AN%20ESTACI%C3%93N%20METEOROL%C3%93GICA.%20PERIODO%202008-2017.csv","description":"\u003Cp\u003EObs.:\u003Cbr \/\u003E\n* Algunos meses con datos faltantes en:\u003Cbr \/\u003E\n   - A\u00f1o 2008: Capit\u00e1n Miranda, General Bruguez y Salto del Guair\u00e1.\u003Cbr \/\u003E\n   - A\u00f1o 2009: Bah\u00eda Negra y San Pedro.\u003Cbr \/\u003E\n   - A\u00f1o 2010: Adri\u00e1n Jara, Bah\u00eda Negra, Pratts Gill, Salto del Guair\u00e1 y San Juan Bautista Misiones.\u003Cbr \/\u003E\n   - A\u00f1o 2011: Adri\u00e1n Jara, Bah\u00eda Negra, Capit\u00e1n Miranda, Coronel Oviedo, San Juan Bautista Misiones y San Pedro.\u003Cbr \/\u003E\n   - A\u00f1o 2012: Adri\u00e1n Jara, Bah\u00eda Negra y Pratts Gill.\u003Cbr \/\u003E\n  - A\u00f1o 2013: Adri\u00e1n Jara, Bah\u00eda Negra, Capit\u00e1n Miranda, Pozo Colorado y Pratts Gill.\u003Cbr \/\u003E\nFUENTE: Direcci\u00f3n de Meteorolog\u00eda e Hidrolog\u00eda de la Direcci\u00f3n Nacional de Aeron\u00e1utica Civil.\u003C\/p\u003E\n","format":"csv","state":"Active","revision_timestamp":"Mi\u00e9, 07\/14\/2021 - 08:41","name":"Humedad relativa media anual, seg\u00fan estaci\u00f3n meteorol\u00f3gica. Periodo 2008-2017.","mimetype":"text\/csv","size":"1.5 KB","created":"Mi\u00e9, 07\/14\/2021 - 08:41","resource_group_id":"9eaed2c1-6f67-4fe8-8dd4-daef8833beeb","last_modified":"Date changed  Mi\u00e9, 07\/14\/2021 - 08:41"},{"id":"c79b740e-a68d-4519-a751-e85a254ffcc8","revision_id":"","url":"https:\/\/www.ine.gov.py\/assets\/documento\/a9180Cuadro%202.1.1_2017_OK.xlsx","description":"","format":"html","state":"Active","revision_timestamp":"Mi\u00e9, 07\/14\/2021 - 08:42","name":"Humedad relativa media anual, seg\u00fan estaci\u00f3n meteorol\u00f3gica. Periodo 2008-2017.","mimetype":"html","size":"","created":"Mi\u00e9, 07\/14\/2021 - 08:42","resource_group_id":"9eaed2c1-6f67-4fe8-8dd4-daef8833beeb","last_modified":"Date changed  Mi\u00e9, 07\/14\/2021 - 08:42"},{"id":"1c014562-134b-4e00-a568-1df275cd56d1","revision_id":"","url":"https:\/\/www.datos.gov.py\/sites\/default\/files\/2.1.2%20HUMEDAD%20RELATIVA%20MEDIA%20MENSUAL%20%28%25%29%2C%20SEG%C3%9AN%20ESTACI%C3%93N%20METEOROL%C3%93GICA.%20PERIODO%202016.csv","description":"\u003Cp\u003EFUENTE: Direcci\u00f3n de Meteorolog\u00eda e Hidrolog\u00eda de la Direcci\u00f3n Nacional de Aeron\u00e1utica Civil.\u003C\/p\u003E\n","format":"csv","state":"Active","revision_timestamp":"Mi\u00e9, 07\/28\/2021 - 21:31","name":"Humedad relativa media mensual, seg\u00fan estaci\u00f3n meteorol\u00f3gica. Periodo 2016.","mimetype":"text\/csv","size":"1.33 KB","created":"Mi\u00e9, 07\/28\/2021 - 21:31","resource_group_id":"9eaed2c1-6f67-4fe8-8dd4-daef8833beeb","last_modified":"Date changed  Mi\u00e9, 07\/28\/2021 - 21:31"},{"id":"dd547fc3-977d-4ec6-bfdc-ec00da8f1246","revision_id":"","url":"https:\/\/www.datos.gov.py\/sites\/default\/files\/2.1.2%20HUMEDAD%20RELATIVA%20MEDIA%20MENSUAL%20%28%25%29%2C%20SEG%C3%9AN%20ESTACI%C3%93N%20METEOROL%C3%93GICA.%20PERIODO%202017.csv","description":"\u003Cp\u003EFUENTE: Direcci\u00f3n de Meteorolog\u00eda e Hidrolog\u00eda de la Direcci\u00f3n Nacional de Aeron\u00e1utica Civil.\u003C\/p\u003E\n","format":"csv","state":"Active","revision_timestamp":"Mi\u00e9, 07\/28\/2021 - 21:32","name":"Humedad relativa media mensual, seg\u00fan estaci\u00f3n meteorol\u00f3gica. Periodo 2017.","mimetype":"text\/csv","size":"1.74 KB","created":"Mi\u00e9, 07\/28\/2021 - 21:32","resource_group_id":"9eaed2c1-6f67-4fe8-8dd4-daef8833beeb","last_modified":"Date changed  Mi\u00e9, 07\/28\/2021 - 21:32"},{"id":"9b4c336a-c628-4334-b84d-ae0fb3f91d07","revision_id":"","url":"https:\/\/www.ine.gov.py\/assets\/documento\/56debCuadro%202.1.2_2017_OK.xlsx","description":"","format":"html","state":"Active","revision_timestamp":"Mi\u00e9, 07\/28\/2021 - 21:33","name":"Humedad relativa media mensual, seg\u00fan estaci\u00f3n meteorol\u00f3gica. Periodo 2016-2017","mimetype":"html","size":"","created":"Mi\u00e9, 07\/28\/2021 - 21:33","resource_group_id":"9eaed2c1-6f67-4fe8-8dd4-daef8833beeb","last_modified":"Date changed  Mi\u00e9, 07\/28\/2021 - 21:33"},{"id":"f731097a-3298-426c-8c86-002b84356072","revision_id":"","url":"https:\/\/www.datos.gov.py\/sites\/default\/files\/2.1.3%20PRECIPITACI%C3%93N%20TOTAL%20ANUAL%20%28mil%C3%ADmetros%29%2C%20SEG%C3%9AN%20ESTACI%C3%93N%20METEOROL%C3%93GICA.%20PERIODO%202008-2017.csv","description":"\u003Cp\u003EObs.:\u003Cbr \/\u003E\n* Algunos meses con datos faltantes en:\u003Cbr \/\u003E\n- A\u00f1o 2008: Bah\u00eda Negra y Salto del Guair\u00e1.\u003Cbr \/\u003E\n- A\u00f1o 2009: Bah\u00eda Negra.\u003Cbr \/\u003E\n- A\u00f1o 2010: Adri\u00e1n Jara, Bah\u00eda Negra, Pratts Gill y Salto del Guair\u00e1.\u003Cbr \/\u003E\n- A\u00f1o 2011: Adri\u00e1n Jara, Bah\u00eda Negra y San Juan Bautista Misiones.\u003Cbr \/\u003E\n- A\u00f1o 2012: Adri\u00e1n Jara y San Pedro.\u003Cbr \/\u003E\n- A\u00f1o 2013: Adri\u00e1n Jara, Bah\u00eda Negra y Pratts Gill.\u003Cbr \/\u003E\nFUENTE: Direcci\u00f3n de Meteorolog\u00eda e Hidrolog\u00eda de la Direcci\u00f3n Nacional de Aeron\u00e1utica Civil.\u003C\/p\u003E\n","format":"csv","state":"Active","revision_timestamp":"Mi\u00e9, 07\/28\/2021 - 22:02","name":"Precipitaci\u00f3n total anual, seg\u00fan estaci\u00f3n meteorol\u00f3gica. Periodo 2008-2017.","mimetype":"text\/csv","size":"2.29 KB","created":"Mi\u00e9, 07\/28\/2021 - 22:02","resource_group_id":"9eaed2c1-6f67-4fe8-8dd4-daef8833beeb","last_modified":"Date changed  Mi\u00e9, 07\/28\/2021 - 22:02"},{"id":"94dcd5dc-c27c-47df-b3ad-277ef4561343","revision_id":"","url":"https:\/\/www.ine.gov.py\/assets\/documento\/10d06Cuadro%202.1.3_2017_OK.xlsx","description":"","format":"html","state":"Active","revision_timestamp":"Mi\u00e9, 07\/28\/2021 - 22:03","name":"Precipitaci\u00f3n total anual, seg\u00fan estaci\u00f3n meteorol\u00f3gica. Periodo 2008-2017.","mimetype":"html","size":"","created":"Mi\u00e9, 07\/28\/2021 - 22:03","resource_group_id":"9eaed2c1-6f67-4fe8-8dd4-daef8833beeb","last_modified":"Date changed  Mi\u00e9, 07\/28\/2021 - 22:03"},{"id":"a2872f2b-d1e6-491e-913c-e8e48adaf2af","revision_id":"","url":"https:\/\/www.datos.gov.py\/sites\/default\/files\/2.1.4%20PRECIPITACI%C3%93N%20TOTAL%20MENSUAL%20%28mil%C3%ADmetros%29%2C%20SEG%C3%9AN%20ESTACI%C3%93N%20METEOROL%C3%93GICA.%20PERIODO%202016.csv","description":"\u003Cp\u003EObs.: 0,0  No llovi\u00f3.\u003Cbr \/\u003E\nFUENTE: Direcci\u00f3n de Meteorolog\u00eda e Hidrolog\u00eda de la Direcci\u00f3n Nacional de Aeron\u00e1utica Civil.\u003C\/p\u003E\n","format":"csv","state":"Active","revision_timestamp":"Mi\u00e9, 07\/28\/2021 - 22:18","name":"Precipitaci\u00f3n total mensual, seg\u00fan estaci\u00f3n meteorol\u00f3gica. Periodo 2016.","mimetype":"text\/csv","size":"1.77 KB","created":"Mi\u00e9, 07\/28\/2021 - 22:18","resource_group_id":"9eaed2c1-6f67-4fe8-8dd4-daef8833beeb","last_modified":"Date changed  Mi\u00e9, 07\/28\/2021 - 22:18"},{"id":"40651ce5-d1c2-48fc-89a6-5e5dbf749991","revision_id":"","url":"https:\/\/www.datos.gov.py\/sites\/default\/files\/2.1.4%20PRECIPITACI%C3%93N%20TOTAL%20MENSUAL%20%28mil%C3%ADmetros%29%2C%20SEG%C3%9AN%20ESTACI%C3%93N%20METEOROL%C3%93GICA.%20PERIODO%202017.csv","description":"\u003Cp\u003EObs.: 0,0  No llovi\u00f3.\u003Cbr \/\u003E\nFUENTE: Direcci\u00f3n de Meteorolog\u00eda e Hidrolog\u00eda de la Direcci\u00f3n Nacional de Aeron\u00e1utica Civil.\u003C\/p\u003E\n","format":"csv","state":"Active","revision_timestamp":"Mi\u00e9, 07\/28\/2021 - 22:19","name":"Precipitaci\u00f3n total mensual, seg\u00fan estaci\u00f3n meteorol\u00f3gica. Periodo 2017","mimetype":"text\/csv","size":"1.75 KB","created":"Mi\u00e9, 07\/28\/2021 - 22:19","resource_group_id":"9eaed2c1-6f67-4fe8-8dd4-daef8833beeb","last_modified":"Date changed  Mi\u00e9, 07\/28\/2021 - 22:19"},{"id":"91f9182d-85a3-40fd-8025-e9e98a45995a","revision_id":"","url":"https:\/\/www.ine.gov.py\/assets\/documento\/2b9faCuadro%202.1.4_2017_OK.xlsx","description":"","format":"html","state":"Active","revision_timestamp":"Mi\u00e9, 07\/28\/2021 - 22:19","name":"Precipitaci\u00f3n total mensual, seg\u00fan estaci\u00f3n meteorol\u00f3gica. Periodo 2016-2017","mimetype":"html","size":"","created":"Mi\u00e9, 07\/28\/2021 - 22:19","resource_group_id":"9eaed2c1-6f67-4fe8-8dd4-daef8833beeb","last_modified":"Date changed  Mi\u00e9, 07\/28\/2021 - 22:19"},{"id":"d4aa9237-32cd-4a6e-8b4f-d1218c082a25","revision_id":"","url":"https:\/\/www.datos.gov.py\/sites\/default\/files\/2.1.5%20TEMPERATURA%20M%C3%81XIMA%20MEDIA%20ANUAL%20%28%C2%B0C%29%2C%20SEG%C3%9AN%20ESTACI%C3%93N%20METEOROL%C3%93GICA.%20PERIODO%202008-2017.csv","description":"\u003Cp\u003EObs.:\u003Cbr \/\u003E\n* Algunos meses con datos faltantes en:\u003Cbr \/\u003E\n- A\u00f1o 2008: General Bruguez, Salto del Guair\u00e1 y San Pedro.\u003Cbr \/\u003E\n- A\u00f1o 2009: Bah\u00eda Negra.\u003Cbr \/\u003E\n- A\u00f1o 2010: Adri\u00e1n Jara, Bah\u00eda Negra y Pratts Gill.\u003Cbr \/\u003E\n- A\u00f1o 2011: Adri\u00e1n Jara, Bah\u00eda Negra, Coronel Oviedo y San Juan Bautista Misiones.\u003Cbr \/\u003E\n- A\u00f1o 2012: Adri\u00e1n Jara, Bah\u00eda Negra y Pratts Gill.\u003Cbr \/\u003E\n- A\u00f1o 2013: Adri\u00e1n Jara, Bah\u00eda Negra, Pilar y Pratts Gill.\u003Cbr \/\u003E\n- A\u00f1o 2015: Pilar.\u003Cbr \/\u003E\nFUENTE: Direcci\u00f3n de Meteorolog\u00eda e Hidrolog\u00eda de la Direcci\u00f3n Nacional de Aeron\u00e1utica Civil.\u003C\/p\u003E\n","format":"csv","state":"Active","revision_timestamp":"Jue, 07\/29\/2021 - 21:00","name":"Temperatura m\u00e1xima media anual, seg\u00fan estaci\u00f3n meteorol\u00f3gica. Periodo 2007-2016","mimetype":"text\/csv","size":"1.51 KB","created":"Jue, 07\/29\/2021 - 21:00","resource_group_id":"9eaed2c1-6f67-4fe8-8dd4-daef8833beeb","last_modified":"Date changed  Jue, 07\/29\/2021 - 21:00"},{"id":"868c0a63-f3df-4357-8eaa-f2dc40a45c2a","revision_id":"","url":"https:\/\/www.ine.gov.py\/assets\/documento\/3ffbaCuadro%202.1.5_2017_OK.xlsx","description":"","format":"html","state":"Active","revision_timestamp":"Jue, 07\/29\/2021 - 21:00","name":"Temperatura m\u00e1xima media anual, seg\u00fan estaci\u00f3n meteorol\u00f3gica. Periodo 2007-2016","mimetype":"html","size":"","created":"Jue, 07\/29\/2021 - 21:00","resource_group_id":"9eaed2c1-6f67-4fe8-8dd4-daef8833beeb","last_modified":"Date changed  Jue, 07\/29\/2021 - 21:00"},{"id":"e04113d6-497a-4860-8236-29e926e21a0d","revision_id":"","url":"https:\/\/www.datos.gov.py\/sites\/default\/files\/2.1.6%20TEMPERATURA%20M%C3%81XIMA%20MEDIA%20MENSUAL%20%28%C2%B0C%29%2C%20SEG%C3%9AN%20ESTACI%C3%93N%20METEOROL%C3%93GICA.%20PERIODO%202016.csv","description":"\u003Cp\u003EFUENTE: Direcci\u00f3n de Meteorolog\u00eda e Hidrolog\u00eda de la Direcci\u00f3n Nacional de Aeron\u00e1utica Civil.\u003C\/p\u003E\n","format":"csv","state":"Active","revision_timestamp":"Vie, 07\/30\/2021 - 23:18","name":"Temperatura m\u00e1xima media mensual, seg\u00fan estaci\u00f3n meteorol\u00f3gica. Periodo 2016.","mimetype":"text\/csv","size":"1.61 KB","created":"Vie, 07\/30\/2021 - 23:18","resource_group_id":"9eaed2c1-6f67-4fe8-8dd4-daef8833beeb","last_modified":"Date changed  Vie, 07\/30\/2021 - 23:18"},{"id":"e6fd280f-fa67-494e-acca-d11576f7b2b8","revision_id":"","url":"https:\/\/www.datos.gov.py\/sites\/default\/files\/2.1.6%20TEMPERATURA%20M%C3%81XIMA%20MEDIA%20MENSUAL%20%28%C2%B0C%29%2C%20SEG%C3%9AN%20ESTACI%C3%93N%20METEOROL%C3%93GICA.%20PERIODO%202017.csv","description":"\u003Cp\u003EFUENTE: Direcci\u00f3n de Meteorolog\u00eda e Hidrolog\u00eda de la Direcci\u00f3n Nacional de Aeron\u00e1utica Civil.\u003C\/p\u003E\n","format":"csv","state":"Active","revision_timestamp":"Vie, 07\/30\/2021 - 23:23","name":"Temperatura m\u00e1xima media mensual, seg\u00fan estaci\u00f3n meteorol\u00f3gica. Periodo 2017","mimetype":"text\/csv","size":"1.63 KB","created":"Vie, 07\/30\/2021 - 23:23","resource_group_id":"9eaed2c1-6f67-4fe8-8dd4-daef8833beeb","last_modified":"Date changed  Vie, 07\/30\/2021 - 23:23"},{"id":"67862975-e141-4e47-bb2e-468d5a4fd4a4","revision_id":"","url":"https:\/\/www.ine.gov.py\/assets\/documento\/b2852Cuadro%202.1.6_2017_OK.xlsx","description":"","format":"html","state":"Active","revision_timestamp":"Vie, 07\/30\/2021 - 23:23","name":"Temperatura m\u00e1xima media mensual, seg\u00fan estaci\u00f3n meteorol\u00f3gica. Periodo 2016-2017","mimetype":"html","size":"","created":"Vie, 07\/30\/2021 - 23:23","resource_group_id":"9eaed2c1-6f67-4fe8-8dd4-daef8833beeb","last_modified":"Date changed  Vie, 07\/30\/2021 - 23:23"},{"id":"8410f0e1-27fa-448d-bc30-a847600105f2","revision_id":"","url":"https:\/\/www.datos.gov.py\/sites\/default\/files\/2.1.7%20TEMPERATURA%20MEDIA%20ANUAL%20%28%C2%B0C%29%2C%20SEG%C3%9AN%20ESTACI%C3%93N%20METEOROL%C3%93GICA.%20PERIODO%202008-2017.csv","description":"\u003Cp\u003EObs.:\u003Cbr \/\u003E\n* Algunos meses con datos faltantes en:\u003Cbr \/\u003E\n- A\u00f1o 2008: Capit\u00e1n Miranda, General Bruguez y Salto del Guair\u00e1.\u003Cbr \/\u003E\n- A\u00f1o 2009: Adri\u00e1n Jara y Bah\u00eda Negra.\u003Cbr \/\u003E\n- A\u00f1o 2010: Adri\u00e1n Jara, Bah\u00eda Negra, Pratts Gill, Salto del Guair\u00e1 y San Juan Bautista Misiones.\u003Cbr \/\u003E\n- A\u00f1o 2011: Adri\u00e1n Jara, Bah\u00eda Negra, Capit\u00e1n Miranda, Coronel Oviedo, San Juan Bautista Misiones y San Pedro.\u003Cbr \/\u003E\n- A\u00f1o 2012: Adri\u00e1n Jara, Bah\u00eda Negra y Pratts Gill.\u003Cbr \/\u003E\n- A\u00f1o 2013:  Adri\u00e1n Jara, Bah\u00eda Negra, Capit\u00e1n Miranda, Pozo Colorado y Pratts Gill.\u003Cbr \/\u003E\nFUENTE: Gerencia de Climatolog\u00eda e Hidrolog\u00eda de la Direcci\u00f3n Nacional de Aeron\u00e1utica Civil.\u003C\/p\u003E\n","format":"csv","state":"Active","revision_timestamp":"Lun, 08\/02\/2021 - 22:22","name":"Temperatura media anual, seg\u00fan estaci\u00f3n meteorol\u00f3gica. Periodo 2008-2017","mimetype":"text\/csv","size":"1.51 KB","created":"Lun, 08\/02\/2021 - 22:22","resource_group_id":"9eaed2c1-6f67-4fe8-8dd4-daef8833beeb","last_modified":"Date changed  Lun, 08\/02\/2021 - 22:22"},{"id":"20ef4311-fe76-4a4b-898f-3c8fc8c888be","revision_id":"","url":"https:\/\/www.ine.gov.py\/assets\/documento\/0238fCuadro%202.1.7_2017_OK.xlsx","description":"","format":"html","state":"Active","revision_timestamp":"Lun, 08\/02\/2021 - 22:23","name":"Temperatura media anual, seg\u00fan estaci\u00f3n meteorol\u00f3gica. Periodo 2008-2017","mimetype":"html","size":"","created":"Lun, 08\/02\/2021 - 22:23","resource_group_id":"9eaed2c1-6f67-4fe8-8dd4-daef8833beeb","last_modified":"Date changed  Lun, 08\/02\/2021 - 22:23"},{"id":"e267eddd-69c5-4b7d-b333-f9fc9bd60866","revision_id":"","url":"https:\/\/www.datos.gov.py\/sites\/default\/files\/2.1.8%20TEMPERATURA%20MEDIA%20MENSUAL%20%28%C2%B0C%29%2C%20SEG%C3%9AN%20ESTACI%C3%93N%20METEOROL%C3%93GICA.%20PERIODO%202016.csv","description":"\u003Cp\u003EFUENTE: Gerencia de Climatolog\u00eda e Hidrolog\u00eda de la Direcci\u00f3n Nacional de Aeron\u00e1utica Civil.\u003C\/p\u003E\n","format":"csv","state":"Active","revision_timestamp":"Lun, 08\/02\/2021 - 22:30","name":"Temperatura media mensual, seg\u00fan estaci\u00f3n meteorol\u00f3gica. Periodo 2016.","mimetype":"text\/csv","size":"1.61 KB","created":"Lun, 08\/02\/2021 - 22:30","resource_group_id":"9eaed2c1-6f67-4fe8-8dd4-daef8833beeb","last_modified":"Date changed  Lun, 08\/02\/2021 - 22:30"},{"id":"17fbda3d-89f2-4e5f-ad6b-ff532655450c","revision_id":"","url":"https:\/\/www.datos.gov.py\/sites\/default\/files\/2.1.8%20TEMPERATURA%20MEDIA%20MENSUAL%20%28%C2%B0C%29%2C%20SEG%C3%9AN%20ESTACI%C3%93N%20METEOROL%C3%93GICA.%20PERIODO%202016-2017.csv","description":"\u003Cp\u003EFUENTE: Gerencia de Climatolog\u00eda e Hidrolog\u00eda de la Direcci\u00f3n Nacional de Aeron\u00e1utica Civil.\u003C\/p\u003E\n","format":"csv","state":"Active","revision_timestamp":"Lun, 08\/02\/2021 - 22:34","name":"Temperatura media mensual, seg\u00fan estaci\u00f3n meteorol\u00f3gica. Periodo 2017","mimetype":"text\/csv","size":"1.62 KB","created":"Lun, 08\/02\/2021 - 22:34","resource_group_id":"9eaed2c1-6f67-4fe8-8dd4-daef8833beeb","last_modified":"Date changed  Lun, 08\/02\/2021 - 22:34"},{"id":"0dd1e5d3-bf6a-41ae-821a-190462be1adb","revision_id":"","url":"https:\/\/www.ine.gov.py\/assets\/documento\/888a3Cuadro%202.1.8_2017_OK.xlsx","description":"","format":"html","state":"Active","revision_timestamp":"Lun, 08\/02\/2021 - 22:34","name":"Temperatura media mensual, seg\u00fan estaci\u00f3n meteorol\u00f3gica. Periodo 2016-2017","mimetype":"html","size":"","created":"Lun, 08\/02\/2021 - 22:34","resource_group_id":"9eaed2c1-6f67-4fe8-8dd4-daef8833beeb","last_modified":"Date changed  Lun, 08\/02\/2021 - 22:34"},{"id":"98958282-961b-472e-8262-48003cd14500","revision_id":"","url":"https:\/\/www.datos.gov.py\/sites\/default\/files\/2.1.9%20TEMPERATURA%20M%C3%8DNIMA%20MEDIA%20ANUAL%20%28%C2%B0C%29%2C%20SEG%C3%9AN%20ESTACI%C3%93N%20METEOROL%C3%93GICA.%20PERIODO%202008-2017.csv","description":"\u003Cp\u003EObs.:\u003Cbr \/\u003E\n* Algunos meses con datos faltantes en:\u003Cbr \/\u003E\n- A\u00f1o 2008: Bah\u00eda Negra y Salto del Guair\u00e1.\u003Cbr \/\u003E\n- A\u00f1o 2009: Adri\u00e1n Jara y San Pedro.\u003Cbr \/\u003E\n- A\u00f1o 2010: Adri\u00e1n Jara, Bah\u00eda Negra, Pratts Gill y Salto del Guair\u00e1.\u003Cbr \/\u003E\n- A\u00f1o 2011: Adri\u00e1n Jara, Bah\u00eda Negra y San Juan Bautista Misiones.\u003Cbr \/\u003E\n- A\u00f1o 2012: Adri\u00e1n Jara, Bah\u00eda Negra y Pratts Gill.\u003Cbr \/\u003E\n- A\u00f1o 2013: Adri\u00e1n Jara, Bah\u00eda Negra, Pozo Colorado y Pratts Gill.\u003Cbr \/\u003E\nFUENTE: Gerencia de Climatolog\u00eda e Hidrolog\u00eda de la Direcci\u00f3n Nacional de Aeron\u00e1utica Civil.\u003C\/p\u003E\n","format":"csv","state":"Active","revision_timestamp":"Lun, 08\/02\/2021 - 22:57","name":"Temperatura m\u00ednima media anual, seg\u00fan estaci\u00f3n meteorol\u00f3gica. Periodo 2008-2017","mimetype":"text\/csv","size":"1.51 KB","created":"Lun, 08\/02\/2021 - 22:57","resource_group_id":"9eaed2c1-6f67-4fe8-8dd4-daef8833beeb","last_modified":"Date changed  Lun, 08\/02\/2021 - 22:57"},{"id":"4cb2db99-c1a6-4858-9442-060ed3a15bfd","revision_id":"","url":"https:\/\/www.ine.gov.py\/assets\/documento\/9fa83Cuadro%202.1.9_2017_OK.xlsx","description":"","format":"html","state":"Active","revision_timestamp":"Lun, 08\/02\/2021 - 22:57","name":"Temperatura m\u00ednima media anual, seg\u00fan estaci\u00f3n meteorol\u00f3gica. Periodo 2008-2017","mimetype":"html","size":"","created":"Lun, 08\/02\/2021 - 22:57","resource_group_id":"9eaed2c1-6f67-4fe8-8dd4-daef8833beeb","last_modified":"Date changed  Lun, 08\/02\/2021 - 22:57"},{"id":"50198917-7090-491f-821d-96c611b910d0","revision_id":"","url":"https:\/\/www.datos.gov.py\/sites\/default\/files\/2.1.10%20TEMPERATURA%20M%C3%8DNIMA%20MEDIA%20MENSUAL%20%28%C2%B0C%29%2C%20SEG%C3%9AN%20ESTACI%C3%93N%20METEOROL%C3%93GICA.%20PERIODO%202016.csv","description":"\u003Cp\u003EFUENTE: Gerencia de Climatolog\u00eda e Hidrolog\u00eda de la Direcci\u00f3n Nacional de Aeron\u00e1utica Civil.\u003C\/p\u003E\n","format":"csv","state":"Active","revision_timestamp":"Mar, 08\/03\/2021 - 22:01","name":"Temperatura m\u00ednima media mensual, seg\u00fan estaci\u00f3n meteorol\u00f3gica. Periodo 2016-2017","mimetype":"text\/csv","size":"1.59 KB","created":"Mar, 08\/03\/2021 - 22:01","resource_group_id":"9eaed2c1-6f67-4fe8-8dd4-daef8833beeb","last_modified":"Date changed  Mar, 08\/03\/2021 - 22:01"},{"id":"ad49b45b-6c3a-46a2-93fc-cf804eaf893b","revision_id":"","url":"https:\/\/www.datos.gov.py\/sites\/default\/files\/2.1.10%20TEMPERATURA%20M%C3%8DNIMA%20MEDIA%20MENSUAL%20%28%C2%B0C%29%2C%20SEG%C3%9AN%20ESTACI%C3%93N%20METEOROL%C3%93GICA.%20PERIODO%202017.xlsx","description":"\u003Cp\u003EFUENTE: Gerencia de Climatolog\u00eda e Hidrolog\u00eda de la Direcci\u00f3n Nacional de Aeron\u00e1utica Civil.\u003C\/p\u003E\n","format":"csv","state":"Active","revision_timestamp":"Mar, 08\/03\/2021 - 22:05","name":"Temperatura m\u00ednima media mensual, seg\u00fan estaci\u00f3n meteorol\u00f3gica. Periodo 2016-2017","mimetype":"application\/vnd.openxmlformats-officedocument.spreadsheetml.sheet","size":"292.54 KB","created":"Mar, 08\/03\/2021 - 22:05","resource_group_id":"9eaed2c1-6f67-4fe8-8dd4-daef8833beeb","last_modified":"Date changed  Mar, 08\/03\/2021 - 22:05"},{"id":"ed2e7700-9606-49d4-b0a7-1eb18fadcca1","revision_id":"","url":"https:\/\/www.ine.gov.py\/assets\/documento\/0e239Cuadro%202.1.10_2017_OK.xlsx","description":"","format":"html","state":"Active","revision_timestamp":"Mar, 08\/03\/2021 - 22:05","name":"Temperatura m\u00ednima media mensual, seg\u00fan estaci\u00f3n meteorol\u00f3gica. Periodo 2016-2017","mimetype":"html","size":"","created":"Mar, 08\/03\/2021 - 22:05","resource_group_id":"9eaed2c1-6f67-4fe8-8dd4-daef8833beeb","last_modified":"Date changed  Mar, 08\/03\/2021 - 22:05"}],"tags":[{"id":"b98bf566-7e96-4356-9c55-7dd6071444b7","vocabulary_id":"2","name":"climatolog\u00eda"},{"id":"3e50b034-8053-40eb-af43-8099e4434c37","vocabulary_id":"2","name":"humedad"},{"id":"7e32542a-90df-412d-9940-c233aaba9cea","vocabulary_id":"2","name":"precipitaci\u00f3n"},{"id":"eb9ad952-c4ee-4ac4-a241-2c96176005ac","vocabulary_id":"2","name":"temperatura"}],"groups":[{"description":"\u003Cp\u003ELey N\u00b0 6770 \u0022Que establece la modernizaci\u00f3n del Sistema Estad\u00edstico Nacional (SISEN) y crea el Instituto Nacional de Estad\u00edstica (INE)\u0022 la Direcci\u00f3n General de Estad\u00edstica, Encuestas y Censos pasa a denominarse Instituto Nacional de Estad\u00edstica (INE) como persona jur\u00eddica de derecho p\u00fablico, con car\u00e1cter aut\u00e1rquico y aut\u00f3nomo\u003C\/p\u003E\n","id":"9eaed2c1-6f67-4fe8-8dd4-daef8833beeb","image_display_url":"https:\/\/www.datos.gov.py\/sites\/default\/files\/ine.PNG","title":"INSTITUTO NACIONAL DE ESTADISTICA (INE)","name":"group\/instituto-nacional-de-estadistica-ine"}]}]}